{"id":6543,"date":"2025-07-24T19:15:30","date_gmt":"2025-07-24T17:15:30","guid":{"rendered":"https:\/\/lucacasavola.com\/?post_type=portfolio_item&#038;p=6543"},"modified":"2026-05-07T15:23:05","modified_gmt":"2026-05-07T13:23:05","slug":"a-la-rue-sdf-a-20-ans-france-tv-slash","status":"publish","type":"portfolio_item","link":"https:\/\/lucacasavola.com\/en\/project\/a-la-rue-sdf-a-20-ans-france-tv-slash","title":{"rendered":"\u00c0 LA RUE : SDF \u00c0 20 ANS &#8211; FRANCE TV SLASH"},"content":{"rendered":"<figure class=\"wp-block-embed is-type-video is-provider-youtube wp-block-embed-youtube wp-embed-aspect-16-9 wp-has-aspect-ratio\"><div class=\"wp-block-embed__wrapper\">\n<iframe loading=\"lazy\" title=\"\u00catre SDF \u00e0 20 ans, immersion dans la vie des jeunes sans abri - \u00c0 la rue, SDF \u00e0 20 ans\" width=\"1400\" height=\"788\" src=\"https:\/\/www.youtube.com\/embed\/QECHEwYUZw0?feature=oembed\" frameborder=\"0\" allow=\"accelerometer; autoplay; clipboard-write; encrypted-media; gyroscope; picture-in-picture; web-share\" referrerpolicy=\"strict-origin-when-cross-origin\" allowfullscreen><\/iframe>\n<\/div><\/figure>\n\n\n\n<p class=\"wp-block-paragraph\">Ces derni\u00e8res ann\u00e9es, le nombre de personnes sans domicile fixe a explos\u00e9 en France. Parmi elles, de nombreux jeunes, victimes d\u2019une double peine : trop vieux pour la protection de l\u2019enfance, mais pas assez pour toucher le RSA. Les grands oubli\u00e9s du syst\u00e8me social fran\u00e7ais.<\/p>\n\n\n\n<p class=\"wp-block-paragraph\">Exil\u00e9s, fugueurs, toxicomanes, en rupture familiale ou anciens de l\u2019Aide Sociale \u00e0 l\u2019Enfance (ASE). Nous les croisons chaque jour, sans les voir. Ils se fondent dans le paysage. Ils trouvent refuge dans des squats ou des h\u00f4tels sociaux. Ils font parfois des \u00e9tudes. Entre construction de soi et urgence de s\u2019en sortir, ces jeunes mettent en relief les nombreuses crises que traverse notre soci\u00e9t\u00e9.<\/p>\n\n\n\n<p class=\"wp-block-paragraph\">Pendant plusieurs mois, nous avons document\u00e9 leur quotidien et recueilli leurs histoires. Quel que soit leur parcours, ils luttent tous jour apr\u00e8s jour pour survivre et trouver un chemin vers un avenir meilleur. En sortant ces jeunes de l\u2019invisibilit\u00e9, ce film pousse un cri d\u2019alarme sur les violences et les insuffisances politiques dont sont victimes les sans-abris.<\/p>\n\n\n\n<p class=\"wp-block-paragraph\"><strong>R\u00e9alisation : <\/strong>David Simantov-L\u00e9vi<\/p>\n\n\n\n<p class=\"wp-block-paragraph\"><strong>Production : <\/strong>ZED pour France TV Slash<\/p>","protected":false},"excerpt":{"rendered":"<p>Ces derni\u00e8res ann\u00e9es, le nombre de personnes sans domicile fixe a explos\u00e9 en France. Parmi elles, de nombreux jeunes, victimes d\u2019une double peine : trop vieux pour la protection de l\u2019enfance, mais pas assez pour toucher le RSA. Les grands oubli\u00e9s du syst\u00e8me social fran\u00e7ais. Exil\u00e9s, fugueurs, toxicomanes, en rupture [&hellip;]<\/p>\n","protected":false},"author":1,"featured_media":6544,"comment_status":"closed","ping_status":"closed","template":"","meta":[],"portfolio":[135],"class_list":["post-6543","portfolio_item","type-portfolio_item","status-publish","has-post-thumbnail","hentry","portfolio-doc"],"_links":{"self":[{"href":"https:\/\/lucacasavola.com\/en\/wp-json\/wp\/v2\/portfolio_item\/6543","targetHints":{"allow":["GET"]}}],"collection":[{"href":"https:\/\/lucacasavola.com\/en\/wp-json\/wp\/v2\/portfolio_item"}],"about":[{"href":"https:\/\/lucacasavola.com\/en\/wp-json\/wp\/v2\/types\/portfolio_item"}],"author":[{"embeddable":true,"href":"https:\/\/lucacasavola.com\/en\/wp-json\/wp\/v2\/users\/1"}],"replies":[{"embeddable":true,"href":"https:\/\/lucacasavola.com\/en\/wp-json\/wp\/v2\/comments?post=6543"}],"wp:featuredmedia":[{"embeddable":true,"href":"https:\/\/lucacasavola.com\/en\/wp-json\/wp\/v2\/media\/6544"}],"wp:attachment":[{"href":"https:\/\/lucacasavola.com\/en\/wp-json\/wp\/v2\/media?parent=6543"}],"wp:term":[{"taxonomy":"portfolio","embeddable":true,"href":"https:\/\/lucacasavola.com\/en\/wp-json\/wp\/v2\/portfolio?post=6543"}],"curies":[{"name":"wp","href":"https:\/\/api.w.org\/{rel}","templated":true}]}}